{"id":38522,"date":"2026-09-02T17:09:45","date_gmt":"2026-09-02T17:09:45","guid":{"rendered":"https:\/\/tudomoveisbelem.com.br\/v19\/?post_type=product&#038;p=38522"},"modified":"2026-09-02T17:09:46","modified_gmt":"2026-09-02T17:09:46","slug":"conjunto-de-sofa-2-e-3-com-pes-em-madeira-macica","status":"publish","type":"product","link":"https:\/\/tudomoveisbelem.com.br\/v19\/produto\/conjunto-de-sofa-2-e-3-com-pes-em-madeira-macica\/","title":{"rendered":"CONJUNTO DE SOF\u00c1 2 E 3 COM P\u00c9S EM MADEIRA MACI\u00c7A"},"content":{"rendered":"<p>PROMO\u00c7\u00c3O<br \/>\nDe R$ 5.700,00<br \/>\nPor 10x de R$ 459,90 sem juros no cart\u00e3o ou \u00e0 vista por R$ 4.599,00.<\/p>\n<p>Conjunto de Sof\u00e1s 2 e 3 Lugares<\/p>\n<p>Sofistica\u00e7\u00e3o, conforto e qualidade em cada detalhe! O sof\u00e1 ideal para transformar sua sala em um ambiente elegante, aconchegante e moderno.<\/p>\n<p><img decoding=\"async\" class=\"emoji\" role=\"img\" draggable=\"false\" src=\"https:\/\/s.w.org\/images\/core\/emoji\/17.0.2\/svg\/2714.svg\" alt=\"\u2714\ufe0f\" \/>\u00a0Design elegante e extremamente confort\u00e1vel<br \/>\n<img decoding=\"async\" class=\"emoji\" role=\"img\" draggable=\"false\" src=\"https:\/\/s.w.org\/images\/core\/emoji\/17.0.2\/svg\/2714.svg\" alt=\"\u2714\ufe0f\" \/>\u00a0Estrutura em madeira \u2013 resist\u00eancia e durabilidade<br \/>\n<img decoding=\"async\" class=\"emoji\" role=\"img\" draggable=\"false\" src=\"https:\/\/s.w.org\/images\/core\/emoji\/17.0.2\/svg\/2714.svg\" alt=\"\u2714\ufe0f\" \/>\u00a0Revestimento em tecido Boucl\u00ea \u2013 toque macio, sofisticado e super moderno<br \/>\n<img decoding=\"async\" class=\"emoji\" role=\"img\" draggable=\"false\" src=\"https:\/\/s.w.org\/images\/core\/emoji\/17.0.2\/svg\/2714.svg\" alt=\"\u2714\ufe0f\" \/>\u00a0Assento com espuma D28 de alta densidade + percintas el\u00e1sticas \u2013 muito mais conforto e firmeza<br \/>\n<img decoding=\"async\" class=\"emoji\" role=\"img\" draggable=\"false\" src=\"https:\/\/s.w.org\/images\/core\/emoji\/17.0.2\/svg\/2714.svg\" alt=\"\u2714\ufe0f\" \/>\u00a0P\u00e9s em madeira maci\u00e7a, completando o visual requintado<br \/>\n<img decoding=\"async\" class=\"emoji\" role=\"img\" draggable=\"false\" src=\"https:\/\/s.w.org\/images\/core\/emoji\/17.0.2\/svg\/2714.svg\" alt=\"\u2714\ufe0f\" \/>\u00a0Almofadas soltas, que garantem charme e aconchego<\/p>\n<p>Perfeito para quem busca conforto, beleza e sofistica\u00e7\u00e3o na sala de estar.<\/p>\n<p>Dimens\u00f5es:<br \/>\n(Sof\u00e1 3 lugares)<br \/>\nAltura: 85 cm | Largura: 80 cm | Comprimento: 2,09 m<\/p>\n<p>(Sof\u00e1 2 lugares)<br \/>\nAltura: 85 cm | Largura: 80 cm | Comprimento: 1,59 m<\/p>\n<p><img decoding=\"async\" class=\"emoji\" role=\"img\" draggable=\"false\" src=\"https:\/\/s.w.org\/images\/core\/emoji\/17.0.2\/svg\/1f525.svg\" alt=\"\ud83d\udd25\" \/>\u00a0DE\u00a0<del><strong>R$5.700,00<\/strong><\/del><br \/>\nPOR:<br \/>\n<img decoding=\"async\" class=\"emoji\" role=\"img\" draggable=\"false\" src=\"https:\/\/s.w.org\/images\/core\/emoji\/17.0.2\/svg\/1f449.svg\" alt=\"\ud83d\udc49\" \/> 10x de<strong> R$459,90<\/strong>\u00a0SEM JUROS no cart\u00e3o<br \/>\nou\u00a0<img decoding=\"async\" class=\"emoji\" role=\"img\" draggable=\"false\" src=\"https:\/\/s.w.org\/images\/core\/emoji\/17.0.2\/svg\/1f449.svg\" alt=\"\ud83d\udc49\" \/> R$4.599,00\u00a0\u00e0 vista!<\/p>\n<p><img decoding=\"async\" class=\"emoji\" role=\"img\" draggable=\"false\" src=\"https:\/\/s.w.org\/images\/core\/emoji\/17.0.2\/svg\/1f69a.svg\" alt=\"\ud83d\ude9a\" \/><img decoding=\"async\" class=\"emoji\" role=\"img\" draggable=\"false\" src=\"https:\/\/s.w.org\/images\/core\/emoji\/17.0.2\/svg\/1f4a8.svg\" alt=\"\ud83d\udca8\" \/>\u00a0ENTREGA E MONTAGEM NO MESMO DIA \u2014 TOTALMENTE GR\u00c1TIS!<\/p>\n<p>GARANTA J\u00c1 O SEU\u00a0<img decoding=\"async\" class=\"emoji\" role=\"img\" draggable=\"false\" src=\"https:\/\/s.w.org\/images\/core\/emoji\/17.0.2\/svg\/1f929.svg\" alt=\"\ud83e\udd29\" \/><\/p>\n","protected":false},"excerpt":{"rendered":"<p>PROMO\u00c7\u00c3O De R$ 5.700,00 Por 10x de R$ 459,90 sem juros no cart\u00e3o ou \u00e0 vista por R$ 4.599,00. Conjunto de Sof\u00e1s 2 e 3 Lugares Sofistica\u00e7\u00e3o, conforto e qualidade em cada detalhe! O sof\u00e1 ideal para transformar sua sala em um ambiente elegante, aconchegante e moderno. \u00a0Design elegante e extremamente confort\u00e1vel \u00a0Estrutura em madeira &hellip; <a href=\"https:\/\/tudomoveisbelem.com.br\/v19\/produto\/conjunto-de-sofa-2-e-3-com-pes-em-madeira-macica\/\" class=\"more-link\">Continue lendo<span class=\"screen-reader-text\"> &#8220;CONJUNTO DE SOF\u00c1 2 E 3 COM P\u00c9S EM MADEIRA MACI\u00c7A&#8221;<\/span><\/a><\/p>\n","protected":false},"featured_media":38516,"comment_status":"closed","ping_status":"closed","template":"","meta":[],"product_brand":[],"product_cat":[160],"product_tag":[],"class_list":["post-38522","product","type-product","status-publish","has-post-thumbnail","product_cat-semana-brasil","first","instock","shipping-taxable","product-type-simple"],"_links":{"self":[{"href":"https:\/\/tudomoveisbelem.com.br\/v19\/wp-json\/wp\/v2\/product\/38522","targetHints":{"allow":["GET"]}}],"collection":[{"href":"https:\/\/tudomoveisbelem.com.br\/v19\/wp-json\/wp\/v2\/product"}],"about":[{"href":"https:\/\/tudomoveisbelem.com.br\/v19\/wp-json\/wp\/v2\/types\/product"}],"replies":[{"embeddable":true,"href":"https:\/\/tudomoveisbelem.com.br\/v19\/wp-json\/wp\/v2\/comments?post=38522"}],"version-history":[{"count":1,"href":"https:\/\/tudomoveisbelem.com.br\/v19\/wp-json\/wp\/v2\/product\/38522\/revisions"}],"predecessor-version":[{"id":38523,"href":"https:\/\/tudomoveisbelem.com.br\/v19\/wp-json\/wp\/v2\/product\/38522\/revisions\/38523"}],"wp:featuredmedia":[{"embeddable":true,"href":"https:\/\/tudomoveisbelem.com.br\/v19\/wp-json\/wp\/v2\/media\/38516"}],"wp:attachment":[{"href":"https:\/\/tudomoveisbelem.com.br\/v19\/wp-json\/wp\/v2\/media?parent=38522"}],"wp:term":[{"taxonomy":"product_brand","embeddable":true,"href":"https:\/\/tudomoveisbelem.com.br\/v19\/wp-json\/wp\/v2\/product_brand?post=38522"},{"taxonomy":"product_cat","embeddable":true,"href":"https:\/\/tudomoveisbelem.com.br\/v19\/wp-json\/wp\/v2\/product_cat?post=38522"},{"taxonomy":"product_tag","embeddable":true,"href":"https:\/\/tudomoveisbelem.com.br\/v19\/wp-json\/wp\/v2\/product_tag?post=38522"}],"curies":[{"name":"wp","href":"https:\/\/api.w.org\/{rel}","templated":true}]}}